{"id":450,"date":"2021-11-08T16:54:42","date_gmt":"2021-11-08T16:54:42","guid":{"rendered":"https:\/\/stopthecyclenc.org\/empieza-aqui\/violencia-domestica\/"},"modified":"2021-11-11T13:36:47","modified_gmt":"2021-11-11T13:36:47","slug":"violencia-domestica","status":"publish","type":"page","link":"https:\/\/stopthecyclenc.org\/es\/empieza-aqui\/violencia-domestica\/","title":{"rendered":"Violencia dom\u00e9stica"},"content":{"rendered":"<p>[et_pb_section fb_built=\u00bb1&#8243; admin_label=\u00bbHeader\u00bb _builder_version=\u00bb4.11.1&#8243; _module_preset=\u00bbdefault\u00bb use_background_color_gradient=\u00bbon\u00bb background_color_gradient_start=\u00bb#ffffff\u00bb background_color_gradient_end=\u00bb#e6eff8&#8243; background_color_gradient_start_position=\u00bb85%\u00bb global_colors_info=\u00bb{}\u00bb][et_pb_row _builder_version=\u00bb4.10.6&#8243; _module_preset=\u00bbdefault\u00bb custom_padding=\u00bb||0px|||\u00bb global_colors_info=\u00bb{}\u00bb][et_pb_column type=\u00bb4_4&#8243; _builder_version=\u00bb4.10.6&#8243; _module_preset=\u00bbdefault\u00bb global_colors_info=\u00bb{}\u00bb][et_pb_text _builder_version=\u00bb4.11.1&#8243; _module_preset=\u00bbdefault\u00bb header_4_font=\u00bb|700||on|||||\u00bb header_4_text_color=\u00bb#3A7FC5&#8243; header_4_letter_spacing=\u00bb3px\u00bb custom_margin=\u00bb||0px||false|false\u00bb global_colors_info=\u00bb{}\u00bb]<\/p>\n<h4>Para las v\u00edctimas de<\/h4>\n<p>[\/et_pb_text][et_pb_text _builder_version=\u00bb4.11.1&#8243; _module_preset=\u00bbe598b17a-9229-42f6-b238-019d6094332e\u00bb header_font=\u00bb|500|||||||\u00bb header_text_color=\u00bb#3A7FC5&#8243; header_font_size=\u00bb80px\u00bb header_line_height=\u00bb1.15em\u00bb header_font_size_tablet=\u00bb40px\u00bb header_font_size_phone=\u00bb24px\u00bb header_font_size_last_edited=\u00bbon|desktop\u00bb locked=\u00bboff\u00bb global_colors_info=\u00bb{}\u00bb]<\/p>\n<h1><span style=%22font-weight: 400;%22>Violencia dom\u00e9stica<\/span><\/h1>\n<p>[\/et_pb_text][\/et_pb_column][\/et_pb_row][et_pb_row column_structure=\u00bb3_5,2_5&#8243; _builder_version=\u00bb4.11.1&#8243; _module_preset=\u00bbdefault\u00bb global_colors_info=\u00bb{}\u00bb][et_pb_column type=\u00bb3_5&#8243; _builder_version=\u00bb4.10.6&#8243; _module_preset=\u00bbdefault\u00bb global_colors_info=\u00bb{}\u00bb][et_pb_text _builder_version=\u00bb4.11.1&#8243; _module_preset=\u00bb7262e956-c376-4aa6-9642-c413f71527d0&#8243; text_line_height=\u00bb1.8em\u00bb header_line_height=\u00bb1.5em\u00bb header_2_text_color=\u00bb#000000&#8243; header_2_line_height=\u00bb1.5em\u00bb custom_padding=\u00bb40px|||||\u00bb header_font_size_tablet=\u00bb55px\u00bb header_font_size_last_edited=\u00bboff|desktop\u00bb locked=\u00bboff\u00bb global_colors_info=\u00bb{}\u00bb]<\/p>\n<h2><span style=%22font-weight: 400; font-size: xx-large;%22>La violencia dom\u00e9stica puede adoptar muchas formas diferentes y victimiza a alguna persona de cualquier raza, edad, g\u00e9nero, sexualidad, religi\u00f3n, nivel educativo o situaci\u00f3n econ\u00f3mica.<\/span><\/h2>\n<p>[\/et_pb_text][\/et_pb_column][et_pb_column type=\u00bb2_5&#8243; _builder_version=\u00bb4.11.1&#8243; _module_preset=\u00bbdefault\u00bb background_color=\u00bb#3A7FC5&#8243; custom_padding=\u00bb40px|30px|40px|30px|true|true\u00bb custom_padding_tablet=\u00bb\u00bb custom_padding_phone=\u00bb|20px||20px|true|true\u00bb custom_padding_last_edited=\u00bbon|phone\u00bb global_colors_info=\u00bb{}\u00bb][et_pb_text _builder_version=\u00bb4.11.1&#8243; _module_preset=\u00bb5c989a74-8649-4b9a-a4a2-6d2b8ae2551c\u00bb header_2_text_color=\u00bb#FFFFFF\u00bb header_4_font=\u00bb|800||on|||||\u00bb header_4_text_color=\u00bbrgba(255,255,255,0.5)\u00bb header_4_font_size=\u00bb12px\u00bb header_4_letter_spacing=\u00bb3px\u00bb header_4_line_height=\u00bb1.5em\u00bb custom_margin=\u00bb||0px||false|false\u00bb locked=\u00bboff\u00bb global_colors_info=\u00bb{}\u00bb]<\/p>\n<h2><strong>\u00bfQu\u00e9 es violencia dom\u00e9stica?<\/strong><\/h2>\n<p>[\/et_pb_text][et_pb_text _builder_version=\u00bb4.11.1&#8243; _module_preset=\u00bbc2a3d585-c259-4e5a-8faa-710c0e634348&#8243; text_font=\u00bb|500|||||||\u00bb text_text_color=\u00bb#FFFFFF\u00bb text_font_size=\u00bb16px\u00bb text_line_height=\u00bb1.6em\u00bb header_5_text_color=\u00bb#FFFFFF\u00bb header_5_line_height=\u00bb1.8em\u00bb text_font_size_tablet=\u00bb15px\u00bb text_font_size_phone=\u00bb14px\u00bb text_font_size_last_edited=\u00bbon|desktop\u00bb header_font_size_tablet=\u00bb55px\u00bb header_font_size_last_edited=\u00bboff|desktop\u00bb locked=\u00bboff\u00bb global_colors_info=\u00bb{}\u00bb]<span style=%22font-weight: 400;%22>La violencia dom\u00e9stica es un patr\u00f3n de comportamientos que usa una persona para mantener el poder y el control sobre su pareja en una relaci\u00f3n \u00edntima.<\/span>[\/et_pb_text][\/et_pb_column][\/et_pb_row][et_pb_row column_structure=\u00bb3_5,2_5&#8243; _builder_version=\u00bb4.11.1&#8243; _module_preset=\u00bbdefault\u00bb global_colors_info=\u00bb{}\u00bb][et_pb_column type=\u00bb3_5&#8243; _builder_version=\u00bb4.11.1&#8243; _module_preset=\u00bbdefault\u00bb global_colors_info=\u00bb{}\u00bb][et_pb_text _builder_version=\u00bb4.11.1&#8243; _module_preset=\u00bbdefault\u00bb global_colors_info=\u00bb{}\u00bb]<span style=%22font-weight: 400; font-size: large;%22>La violencia dom\u00e9stica puede incluir comportamientos que causan da\u00f1os f\u00edsicos, intimidan, manipulan o controlan a la pareja, o la obligan de otra manera a comportarse de forma no deseada. La violencia dom\u00e9stica puede incluir lo siguiente:<\/span>[\/et_pb_text][\/et_pb_column][et_pb_column type=\u00bb2_5&#8243; _builder_version=\u00bb4.11.1&#8243; _module_preset=\u00bbdefault\u00bb global_colors_info=\u00bb{}\u00bb][\/et_pb_column][\/et_pb_row][et_pb_row column_structure=\u00bb1_5,1_5,1_5,1_5,1_5&#8243; _builder_version=\u00bb4.11.1&#8243; _module_preset=\u00bbdefault\u00bb global_colors_info=\u00bb{}\u00bb][et_pb_column type=\u00bb1_5&#8243; _builder_version=\u00bb4.11.1&#8243; _module_preset=\u00bbdefault\u00bb global_colors_info=\u00bb{}\u00bb][et_pb_text _builder_version=\u00bb4.11.1&#8243; _module_preset=\u00bbdefault\u00bb header_2_line_height=\u00bb1.3em\u00bb custom_padding=\u00bb25px||||false|false\u00bb border_width_top=\u00bb2px\u00bb border_color_top=\u00bb#3A7FC5&#8243; global_colors_info=\u00bb{}\u00bb]<\/p>\n<h2><span style=%22font-weight: 400;%22>Violencia f\u00edsica e intimidaci\u00f3n<\/span><\/h2>\n<p>[\/et_pb_text][\/et_pb_column][et_pb_column type=\u00bb1_5&#8243; _builder_version=\u00bb4.11.1&#8243; _module_preset=\u00bbdefault\u00bb global_colors_info=\u00bb{}\u00bb][et_pb_text _builder_version=\u00bb4.11.1&#8243; _module_preset=\u00bbdefault\u00bb header_2_line_height=\u00bb1.3em\u00bb width=\u00bb100%\u00bb custom_padding=\u00bb25px||||false|false\u00bb border_width_top=\u00bb2px\u00bb border_color_top=\u00bb#3A7FC5&#8243; global_colors_info=\u00bb{}\u00bb]<\/p>\n<h2><span style=%22font-weight: 400;%22>Lenguaje abusivo o denigrante<\/span><\/h2>\n<p>[\/et_pb_text][\/et_pb_column][et_pb_column type=\u00bb1_5&#8243; _builder_version=\u00bb4.11.1&#8243; _module_preset=\u00bbdefault\u00bb global_colors_info=\u00bb{}\u00bb][et_pb_text _builder_version=\u00bb4.11.1&#8243; _module_preset=\u00bbdefault\u00bb header_2_line_height=\u00bb1.3em\u00bb width=\u00bb100%\u00bb custom_padding=\u00bb25px||||false|false\u00bb border_width_top=\u00bb2px\u00bb border_color_top=\u00bb#3A7FC5&#8243; global_colors_info=\u00bb{}\u00bb]<\/p>\n<h2><span style=%22font-weight: 400;%22>Control de la libertad de la v\u00edctima, que provoca su aislamiento<\/span><\/h2>\n<p>[\/et_pb_text][\/et_pb_column][et_pb_column type=\u00bb1_5&#8243; _builder_version=\u00bb4.11.1&#8243; _module_preset=\u00bbdefault\u00bb global_colors_info=\u00bb{}\u00bb][et_pb_text _builder_version=\u00bb4.11.1&#8243; _module_preset=\u00bbdefault\u00bb header_2_line_height=\u00bb1.3em\u00bb width=\u00bb100%\u00bb custom_padding=\u00bb25px||||false|false\u00bb border_width_top=\u00bb2px\u00bb border_color_top=\u00bb#3A7FC5&#8243; global_colors_info=\u00bb{}\u00bb]<\/p>\n<h2><span style=%22font-weight: 400;%22>Control de las finanzas de la v\u00edctima, que provoca su dependencia econ\u00f3mica<\/span><\/h2>\n<p>[\/et_pb_text][\/et_pb_column][et_pb_column type=\u00bb1_5&#8243; _builder_version=\u00bb4.11.1&#8243; _module_preset=\u00bbdefault\u00bb global_colors_info=\u00bb{}\u00bb][et_pb_text _builder_version=\u00bb4.11.1&#8243; _module_preset=\u00bbdefault\u00bb header_2_line_height=\u00bb1.3em\u00bb width=\u00bb100%\u00bb custom_padding=\u00bb25px||||false|false\u00bb border_width_top=\u00bb2px\u00bb border_color_top=\u00bb#3A7FC5&#8243; global_colors_info=\u00bb{}\u00bb]<\/p>\n<h2><span style=%22font-weight: 400;%22>Amenazas de violencia o de llevarse a los ni\u00f1os<\/span><\/h2>\n<p>[\/et_pb_text][\/et_pb_column][\/et_pb_row][\/et_pb_section][et_pb_section fb_built=\u00bb1&#8243; custom_padding_last_edited=\u00bbon|phone\u00bb admin_label=\u00bbCall to Action\u00bb _builder_version=\u00bb4.11.1&#8243; _module_preset=\u00bbdefault\u00bb background_image=\u00bbhttps:\/\/stopthecyclenc.org\/wp-content\/uploads\/2021\/10\/STCNC-domestic-1080&#215;490-1.jpg\u00bb custom_padding=\u00bb||120px|||\u00bb custom_padding_tablet=\u00bb||100px||false|false\u00bb custom_padding_phone=\u00bb||60px||false|false\u00bb locked=\u00bboff\u00bb global_colors_info=\u00bb{}\u00bb][et_pb_row _builder_version=\u00bb4.11.3&#8243; _module_preset=\u00bbdefault\u00bb background_color=\u00bb#E6EFF8&#8243; background_image=\u00bbhttps:\/\/stopthecyclenc.org\/wp-content\/uploads\/2021\/10\/high-school_43.png\u00bb background_size=\u00bbinitial\u00bb background_position=\u00bbtop_left\u00bb background_repeat=\u00bbrepeat-x\u00bb filter_opacity=\u00bb80%\u00bb locked=\u00bboff\u00bb global_colors_info=\u00bb{}\u00bb][et_pb_column type=\u00bb4_4&#8243; _builder_version=\u00bb4.11.3&#8243; _module_preset=\u00bbdefault\u00bb custom_padding=\u00bb40px|40px|40px|40px|true|true\u00bb custom_padding_tablet=\u00bb30px|30px|30px|30px|true|true\u00bb custom_padding_phone=\u00bb20px|20px|20px|20px|true|true\u00bb custom_padding_last_edited=\u00bbon|phone\u00bb global_colors_info=\u00bb{}\u00bb][et_pb_text _builder_version=\u00bb4.13.0&#8243; _module_preset=\u00bb003e9429-8e11-4d9e-968b-8881092bbf81&#8243; header_2_font=\u00bb|500|||||||\u00bb header_2_text_align=\u00bbcenter\u00bb header_2_text_color=\u00bb#000000&#8243; header_2_font_size=\u00bb40px\u00bb header_2_line_height=\u00bb1.2em\u00bb custom_margin=\u00bb||0px||false|false\u00bb hover_enabled=\u00bb0&#8243; header_2_font_size_tablet=\u00bb30px\u00bb header_2_font_size_phone=\u00bb20px\u00bb header_2_font_size_last_edited=\u00bbon|desktop\u00bb locked=\u00bboff\u00bb global_colors_info=\u00bb{}\u00bb sticky_enabled=\u00bb0&#8243;]<\/p>\n<h3 style=\"text-align: center;\"><span style=\"font-size: xx-large; color: #3a7fc5;\"><b>Legal representation is key to ending the cycle of abuse.<\/b><\/span><\/h3>\n<p>[\/et_pb_text][et_pb_text _builder_version=\u00bb4.11.1&#8243; _module_preset=\u00bb7262e956-c376-4aa6-9642-c413f71527d0&#8243; text_text_color=\u00bb#000000&#8243; text_line_height=\u00bb1.8em\u00bb text_orientation=\u00bbcenter\u00bb custom_padding=\u00bb25px||||false|false\u00bb header_font_size_tablet=\u00bb55px\u00bb header_font_size_last_edited=\u00bboff|desktop\u00bb locked=\u00bboff\u00bb global_colors_info=\u00bb{}\u00bb]<span style=%22font-weight: 400; font-size: large;%22>Incluso si no ha recurrido a las fuerzas del orden contra su agresor, Legal Aid NC puede ayudarle. Podemos informarle de sus derechos y trabajar para ayudarle a conseguir una orden de protecci\u00f3n por violencia dom\u00e9stica. La orden de protecci\u00f3n tiene vigencia por un a\u00f1o y puede ayudarle a obtener la posesi\u00f3n de su casa y su veh\u00edculo, y a proteger a sus hijos.<\/span>[\/et_pb_text][et_pb_button button_url=\u00bbhttps:\/\/www.legalaidnc.org\/get-help\/apply-online\u00bb url_new_window=\u00bbon\u00bb button_text=\u00bbBusque ayuda\u00bb button_alignment=\u00bbcenter\u00bb _builder_version=\u00bb4.11.3&#8243; _module_preset=\u00bbcefaa07f-9636-40fe-a939-2a0ccdc332c6&#8243; custom_button=\u00bbon\u00bb button_text_size=\u00bb16px\u00bb button_text_color=\u00bb#3A7FC5&#8243; button_bg_color=\u00bbRGBA(0,0,0,0)\u00bb button_border_width=\u00bb1px\u00bb button_border_color=\u00bb#3A7FC5&#8243; button_border_radius=\u00bb0px\u00bb button_font=\u00bb|700|||||||\u00bb custom_padding=\u00bb15px|30px|15px|30px|true|true\u00bb locked=\u00bboff\u00bb global_colors_info=\u00bb{}\u00bb][\/et_pb_button][\/et_pb_column][\/et_pb_row][\/et_pb_section][et_pb_section fb_built=\u00bb1&#8243; admin_label=\u00bbFooter\u00bb _builder_version=\u00bb4.11.1&#8243; _module_preset=\u00bbdefault\u00bb background_color=\u00bb#000000&#8243; custom_margin=\u00bb||||false|false\u00bb global_colors_info=\u00bb{}\u00bb][et_pb_row column_structure=\u00bb1_4,1_4,1_4,1_4&#8243; use_custom_gutter=\u00bbon\u00bb gutter_width=\u00bb1&#8243; make_equal=\u00bbon\u00bb _builder_version=\u00bb4.11.1&#8243; _module_preset=\u00bbdefault\u00bb background_color=\u00bbRGBA(0,0,0,0)\u00bb max_width=\u00bb1440px\u00bb custom_margin=\u00bb-90px||||false|false\u00bb custom_padding=\u00bb0px||||false|false\u00bb global_colors_info=\u00bb{}\u00bb][et_pb_column type=\u00bb1_4&#8243; _builder_version=\u00bb4.11.1&#8243; _module_preset=\u00bbdefault\u00bb background_color=\u00bb#2B5F94&#8243; background_image=\u00bbhttps:\/\/stopthecyclenc.org\/wp-content\/uploads\/2021\/10\/high-school_17.png\u00bb background_size=\u00bbinitial\u00bb background_position=\u00bbtop_right\u00bb background_repeat=\u00bbrepeat-y\u00bb custom_padding=\u00bb40px|40px|40px|20px|true|false\u00bb custom_padding_tablet=\u00bb40px||40px||true|false\u00bb custom_padding_phone=\u00bb30px|20px|30px|20px|true|true\u00bb custom_padding_last_edited=\u00bboff|desktop\u00bb global_colors_info=\u00bb{}\u00bb][et_pb_text _builder_version=\u00bb4.11.1&#8243; _module_preset=\u00bbc2a3d585-c259-4e5a-8faa-710c0e634348&#8243; text_font=\u00bbRoboto|500|||||||\u00bb text_text_color=\u00bb#FFFFFF\u00bb text_font_size=\u00bb16px\u00bb text_line_height=\u00bb1.6em\u00bb header_text_color=\u00bb#FFFFFF\u00bb header_font_size=\u00bb40px\u00bb header_line_height=\u00bb1.1em\u00bb header_5_text_color=\u00bb#FFFFFF\u00bb header_5_line_height=\u00bb1.8em\u00bb custom_margin=\u00bb|||15px|false|false\u00bb text_font_size_tablet=\u00bb15px\u00bb text_font_size_phone=\u00bb14px\u00bb text_font_size_last_edited=\u00bbon|desktop\u00bb header_font_size_tablet=\u00bb55px\u00bb header_font_size_last_edited=\u00bboff|desktop\u00bb locked=\u00bboff\u00bb global_colors_info=\u00bb{}\u00bb]<\/p>\n<h1><span style=%22font-weight: 400;%22>Servicios ofrecidos<\/span><\/h1>\n<p>[\/et_pb_text][\/et_pb_column][et_pb_column type=\u00bb1_4&#8243; _builder_version=\u00bb4.11.1&#8243; _module_preset=\u00bbdefault\u00bb background_color=\u00bb#84AFDB\u00bb background_image=\u00bbhttps:\/\/stopthecyclenc.org\/wp-content\/uploads\/2021\/10\/high-school_17.png\u00bb background_size=\u00bbinitial\u00bb background_position=\u00bbtop_right\u00bb background_repeat=\u00bbrepeat-y\u00bb custom_padding=\u00bb40px|40px|40px|20px|true|false\u00bb global_colors_info=\u00bb{}\u00bb][et_pb_text _builder_version=\u00bb4.11.1&#8243; _module_preset=\u00bb5c989a74-8649-4b9a-a4a2-6d2b8ae2551c\u00bb header_4_font=\u00bb|700||on|||||\u00bb header_4_text_color=\u00bbrgba(255,255,255,0.5)\u00bb header_4_font_size=\u00bb12px\u00bb header_4_letter_spacing=\u00bb3px\u00bb header_4_line_height=\u00bb1.5em\u00bb custom_margin=\u00bb||0px||false|false\u00bb locked=\u00bboff\u00bb global_colors_info=\u00bb{}\u00bb]<\/p>\n<h2><span style=%22font-weight: 400;%22>Orden de protecci\u00f3n por violencia dom\u00e9stica<\/span><\/h2>\n<p>[\/et_pb_text][et_pb_text _builder_version=\u00bb4.11.1&#8243; _module_preset=\u00bbc2a3d585-c259-4e5a-8faa-710c0e634348&#8243; text_font=\u00bb|500|||||||\u00bb text_text_color=\u00bb#FFFFFF\u00bb text_font_size=\u00bb16px\u00bb text_line_height=\u00bb1.6em\u00bb header_5_text_color=\u00bb#FFFFFF\u00bb header_5_line_height=\u00bb1.8em\u00bb text_font_size_tablet=\u00bb15px\u00bb text_font_size_phone=\u00bb14px\u00bb text_font_size_last_edited=\u00bbon|desktop\u00bb header_font_size_tablet=\u00bb55px\u00bb header_font_size_last_edited=\u00bboff|desktop\u00bb locked=\u00bboff\u00bb global_colors_info=\u00bb{}\u00bb]<span style=%22font-weight: 400;%22>Orden de protecci\u00f3n por violencia dom\u00e9stica (DVPO): Tambi\u00e9n conocida como \u00ab50B\u00bb, una DVPO es una orden judicial que le indica a su agresor que se mantenga alejado de usted durante un per\u00edodo determinado. Las DVPO tambi\u00e9n le ayudan a mantenerse a salvo de otras maneras, por ejemplo, al impedir que su agresor sea propietario de armas de fuego.<\/span>[\/et_pb_text][\/et_pb_column][et_pb_column type=\u00bb1_4&#8243; _builder_version=\u00bb4.11.1&#8243; _module_preset=\u00bbdefault\u00bb background_color=\u00bb#84AFDB\u00bb background_image=\u00bbhttps:\/\/stopthecyclenc.org\/wp-content\/uploads\/2021\/10\/high-school_17.png\u00bb background_size=\u00bbinitial\u00bb background_position=\u00bbtop_right\u00bb background_repeat=\u00bbrepeat-y\u00bb custom_padding=\u00bb40px|40px|40px|20px|true|false\u00bb global_colors_info=\u00bb{}\u00bb][et_pb_text _builder_version=\u00bb4.11.1&#8243; _module_preset=\u00bb5c989a74-8649-4b9a-a4a2-6d2b8ae2551c\u00bb header_4_font=\u00bbRoboto|700||on|||||\u00bb header_4_text_color=\u00bbrgba(255,255,255,0.5)\u00bb header_4_font_size=\u00bb12px\u00bb header_4_letter_spacing=\u00bb3px\u00bb header_4_line_height=\u00bb1.5em\u00bb custom_margin=\u00bb||0px||false|false\u00bb locked=\u00bboff\u00bb global_colors_info=\u00bb{}\u00bb]<\/p>\n<h2>M\u00e1s informaci\u00f3n<\/h2>\n<p>[\/et_pb_text][et_pb_text _builder_version=\u00bb4.11.1&#8243; _module_preset=\u00bbc2a3d585-c259-4e5a-8faa-710c0e634348&#8243; text_font=\u00bb|500|||||||\u00bb text_text_color=\u00bb#FFFFFF\u00bb text_font_size=\u00bb16px\u00bb text_line_height=\u00bb1.6em\u00bb link_text_color=\u00bb#FFFFFF\u00bb header_5_text_color=\u00bb#FFFFFF\u00bb header_5_line_height=\u00bb1.8em\u00bb text_font_size_tablet=\u00bb15px\u00bb text_font_size_phone=\u00bb14px\u00bb text_font_size_last_edited=\u00bbon|desktop\u00bb header_font_size_tablet=\u00bb55px\u00bb header_font_size_last_edited=\u00bboff|desktop\u00bb locked=\u00bboff\u00bb global_colors_info=\u00bb{}\u00bb]<span style=%22font-weight: 400;%22>Conozca m\u00e1s sobre<\/span> <a href=%22https:\/\/www.legalaidnc.org\/about-us\/mission%22><span style=%22font-weight: 400;%22>Legal Aid NC<\/span><\/a> <span style=%22font-weight: 400;%22>y el apoyo exclusivo que ofrecemos a<\/span> <a href=%22https:\/\/www.legalaidnc.org\/get-help\/self-help-library\/domestic-violence-and-sexual-assault%22><span style=%22font-weight: 400;%22>las v\u00edctimas de violencia dom\u00e9stica y de abuso sexual<\/span><\/a><span style=%22font-weight: 400;%22>.<\/span>[\/et_pb_text][et_pb_button button_url=\u00bbhttps:\/\/www.legalaidnc.org\/\u00bb url_new_window=\u00bbon\u00bb button_text=\u00bbSitio web de Legal Aid NC\u00bb _builder_version=\u00bb4.11.1&#8243; _module_preset=\u00bbdefault\u00bb custom_button=\u00bbon\u00bb button_text_size=\u00bb16px\u00bb button_text_color=\u00bb#FFFFFF\u00bb button_border_width=\u00bb1px\u00bb button_border_radius=\u00bb0px\u00bb custom_margin=\u00bb10px||5px||false|false\u00bb global_colors_info=\u00bb{}\u00bb][\/et_pb_button][et_pb_button button_url=\u00bbhttps:\/\/www.legalaidnc.org\/get-help\/self-help-library\/domestic-violence-and-sexual-assault\u00bb url_new_window=\u00bbon\u00bb button_text=\u00bbRecursos sobre la violencia dom\u00e9stica\u00bb _builder_version=\u00bb4.11.1&#8243; _module_preset=\u00bbdefault\u00bb custom_button=\u00bbon\u00bb button_text_size=\u00bb16px\u00bb button_text_color=\u00bb#FFFFFF\u00bb button_border_width=\u00bb1px\u00bb button_border_radius=\u00bb0px\u00bb custom_margin=\u00bb10px||5px||false|false\u00bb global_colors_info=\u00bb{}\u00bb][\/et_pb_button][\/et_pb_column][et_pb_column type=\u00bb1_4&#8243; _builder_version=\u00bb4.11.1&#8243; _module_preset=\u00bbdefault\u00bb background_color=\u00bb#84AFDB\u00bb background_image=\u00bbhttps:\/\/stopthecyclenc.org\/wp-content\/uploads\/2021\/10\/high-school_17.png\u00bb background_size=\u00bbinitial\u00bb background_position=\u00bbtop_right\u00bb background_repeat=\u00bbrepeat-y\u00bb custom_padding=\u00bb40px|40px|40px|20px|true|false\u00bb global_colors_info=\u00bb{}\u00bb][et_pb_text _builder_version=\u00bb4.11.1&#8243; _module_preset=\u00bb5c989a74-8649-4b9a-a4a2-6d2b8ae2551c\u00bb header_4_font=\u00bbRoboto|700||on|||||\u00bb header_4_text_color=\u00bbrgba(255,255,255,0.5)\u00bb header_4_font_size=\u00bb12px\u00bb header_4_letter_spacing=\u00bb3px\u00bb header_4_line_height=\u00bb1.5em\u00bb custom_margin=\u00bb||0px||false|false\u00bb custom_margin_last_edited=\u00bboff|desktop\u00bb locked=\u00bboff\u00bb global_colors_info=\u00bb{}\u00bb]<\/p>\n<h2>Ayuda adicional<\/h2>\n<p>[\/et_pb_text][et_pb_text _builder_version=\u00bb4.11.1&#8243; _module_preset=\u00bbc2a3d585-c259-4e5a-8faa-710c0e634348&#8243; text_font=\u00bb|500|||||||\u00bb text_text_color=\u00bb#FFFFFF\u00bb text_font_size=\u00bb16px\u00bb text_line_height=\u00bb1.6em\u00bb link_text_color=\u00bb#FFFFFF\u00bb header_5_text_color=\u00bb#FFFFFF\u00bb header_5_line_height=\u00bb1.8em\u00bb text_font_size_tablet=\u00bb15px\u00bb text_font_size_phone=\u00bb14px\u00bb text_font_size_last_edited=\u00bbon|desktop\u00bb header_font_size_tablet=\u00bb55px\u00bb header_font_size_last_edited=\u00bboff|desktop\u00bb locked=\u00bboff\u00bb global_colors_info=\u00bb{}\u00bb]<span style=%22font-weight: 400;%22>Legal Aid NC tambi\u00e9n puede ayudarle con muchos otros<\/span> <a href=%22https:\/\/www.legalaidnc.org\/get-help\/our-services%22><span style=%22font-weight: 400;%22>servicios y asistencia legales gratuitos<\/span><\/a><span style=%22font-weight: 400;%22>.<\/span>[\/et_pb_text][et_pb_button button_url=\u00bbhttps:\/\/www.legalaidnc.org\/get-help\/our-services\u00bb url_new_window=\u00bbon\u00bb button_text=\u00bbServicio y asistencia gratuitos\u00bb _builder_version=\u00bb4.11.1&#8243; _module_preset=\u00bbdefault\u00bb custom_button=\u00bbon\u00bb button_text_size=\u00bb16px\u00bb button_text_color=\u00bb#FFFFFF\u00bb button_border_width=\u00bb1px\u00bb button_border_radius=\u00bb0px\u00bb custom_margin=\u00bb10px||5px||false|false\u00bb global_colors_info=\u00bb{}\u00bb][\/et_pb_button][\/et_pb_column][\/et_pb_row][\/et_pb_section]<\/p>\n","protected":false},"excerpt":{"rendered":"<p>Para las v\u00edctimas deViolencia dom\u00e9sticaLa violencia dom\u00e9stica puede adoptar muchas formas diferentes y victimiza a alguna persona de cualquier raza, edad, g\u00e9nero, sexualidad, religi\u00f3n, nivel educativo o situaci\u00f3n econ\u00f3mica.\u00bfQu\u00e9 es violencia dom\u00e9stica?La violencia dom\u00e9stica es un patr\u00f3n de comportamientos que usa una persona para mantener el poder y el control sobre su pareja en una [&hellip;]<\/p>\n","protected":false},"author":1,"featured_media":421,"parent":439,"menu_order":1,"comment_status":"closed","ping_status":"closed","template":"","meta":{"_et_pb_use_builder":"on","_et_pb_old_content":"","_et_gb_content_width":"","_monsterinsights_skip_tracking":false,"_monsterinsights_sitenote_active":false,"_monsterinsights_sitenote_note":"","_monsterinsights_sitenote_category":0,"footnotes":""},"class_list":["post-450","page","type-page","status-publish","has-post-thumbnail","hentry"],"jetpack_sharing_enabled":true,"_links":{"self":[{"href":"https:\/\/stopthecyclenc.org\/es\/wp-json\/wp\/v2\/pages\/450","targetHints":{"allow":["GET"]}}],"collection":[{"href":"https:\/\/stopthecyclenc.org\/es\/wp-json\/wp\/v2\/pages"}],"about":[{"href":"https:\/\/stopthecyclenc.org\/es\/wp-json\/wp\/v2\/types\/page"}],"author":[{"embeddable":true,"href":"https:\/\/stopthecyclenc.org\/es\/wp-json\/wp\/v2\/users\/1"}],"replies":[{"embeddable":true,"href":"https:\/\/stopthecyclenc.org\/es\/wp-json\/wp\/v2\/comments?post=450"}],"version-history":[{"count":9,"href":"https:\/\/stopthecyclenc.org\/es\/wp-json\/wp\/v2\/pages\/450\/revisions"}],"predecessor-version":[{"id":589,"href":"https:\/\/stopthecyclenc.org\/es\/wp-json\/wp\/v2\/pages\/450\/revisions\/589"}],"up":[{"embeddable":true,"href":"https:\/\/stopthecyclenc.org\/es\/wp-json\/wp\/v2\/pages\/439"}],"wp:featuredmedia":[{"embeddable":true,"href":"https:\/\/stopthecyclenc.org\/es\/wp-json\/wp\/v2\/media\/421"}],"wp:attachment":[{"href":"https:\/\/stopthecyclenc.org\/es\/wp-json\/wp\/v2\/media?parent=450"}],"curies":[{"name":"wp","href":"https:\/\/api.w.org\/{rel}","templated":true}]}}