{"id":439,"date":"2021-11-08T16:54:41","date_gmt":"2021-11-08T16:54:41","guid":{"rendered":"https:\/\/stopthecyclenc.org\/empieza-aqui\/"},"modified":"2021-11-09T20:40:09","modified_gmt":"2021-11-09T20:40:09","slug":"empieza-aqui","status":"publish","type":"page","link":"https:\/\/stopthecyclenc.org\/es\/empieza-aqui\/","title":{"rendered":"Comience aqu\u00ed"},"content":{"rendered":"\n[et_pb_section fb_built=\u00bb1&#8243; admin_label=\u00bbHeader\u00bb _builder_version=\u00bb4.11.1&#8243; _module_preset=\u00bbdefault\u00bb background_color=\u00bb#E6EFF8&#8243; use_background_color_gradient=\u00bbon\u00bb background_color_gradient_start=\u00bbrgba(255,255,255,0)\u00bb background_color_gradient_end=\u00bb#ffffff\u00bb background_color_gradient_start_position=\u00bb90%\u00bb background_image=\u00bbhttps:\/\/stopthecyclenc.org\/wp-content\/uploads\/2021\/10\/octogon.png\u00bb background_size=\u00bbinitial\u00bb global_colors_info=\u00bb{}\u00bb][et_pb_row _builder_version=\u00bb4.11.1&#8243; _module_preset=\u00bbdefault\u00bb custom_padding=\u00bb0px||0px||true|false\u00bb global_colors_info=\u00bb{}\u00bb][et_pb_column type=\u00bb4_4&#8243; _builder_version=\u00bb4.10.6&#8243; _module_preset=\u00bbdefault\u00bb custom_padding=\u00bb150px||||false|false\u00bb custom_padding_tablet=\u00bb30px||||false|false\u00bb custom_padding_phone=\u00bb20px||||false|false\u00bb custom_padding_last_edited=\u00bbon|phone\u00bb global_colors_info=\u00bb{}\u00bb][et_pb_text _builder_version=\u00bb4.11.1&#8243; _module_preset=\u00bbe598b17a-9229-42f6-b238-019d6094332e\u00bb header_font=\u00bb|500|||||||\u00bb header_text_color=\u00bb#000000&#8243; header_font_size=\u00bb80px\u00bb header_line_height=\u00bb1.15em\u00bb custom_padding=\u00bb||64px|||\u00bb header_font_size_tablet=\u00bb40px\u00bb header_font_size_phone=\u00bb24px\u00bb header_font_size_last_edited=\u00bbon|desktop\u00bb locked=\u00bboff\u00bb global_colors_info=\u00bb{}\u00bb]<h1><strong><span style=%22color: #244f7b;%22>Comience aqu\u00ed <span style=%22color: #3a7fc5;%22>para poner fin al abuso.<\/span><\/span><\/strong><\/h1>[\/et_pb_text][\/et_pb_column][\/et_pb_row][\/et_pb_section][et_pb_section fb_built=\u00bb1&#8243; _builder_version=\u00bb4.11.1&#8243; _module_preset=\u00bbdefault\u00bb background_color=\u00bb#E6EFF8&#8243; custom_padding=\u00bb0px||0px||false|false\u00bb global_colors_info=\u00bb{}\u00bb][et_pb_row column_structure=\u00bb1_5,1_5,1_5,1_5,1_5&#8243; use_custom_gutter=\u00bbon\u00bb gutter_width=\u00bb1&#8243; make_equal=\u00bbon\u00bb _builder_version=\u00bb4.11.1&#8243; _module_preset=\u00bbdefault\u00bb background_color=\u00bb#6b9fd4&#8243; width=\u00bb100%\u00bb max_width=\u00bb100%\u00bb custom_margin_tablet=\u00bb0px||||false|false\u00bb custom_margin_last_edited=\u00bboff|desktop\u00bb custom_padding=\u00bb0px||0px||true|false\u00bb global_colors_info=\u00bb{}\u00bb][et_pb_column type=\u00bb1_5&#8243; admin_label=\u00bbPara v\u00edctimas de violencia dom\u00e9stica\u00bb _builder_version=\u00bb4.11.1&#8243; _module_preset=\u00bbdefault\u00bb background_color=\u00bb#B5CFE9&#8243; background_image=\u00bbhttps:\/\/stopthecyclenc.org\/wp-content\/uploads\/2021\/10\/high-school_50.png\u00bb background_size=\u00bbinitial\u00bb background_position=\u00bbtop_left\u00bb background_repeat=\u00bbrepeat-x\u00bb custom_padding=\u00bb60px|30px|40px|30px|false|true\u00bb custom_padding_tablet=\u00bb40px|20px|20px|20px|false|true\u00bb custom_padding_phone=\u00bb40px|20px|20px|20px|false|true\u00bb custom_padding_last_edited=\u00bbon|desktop\u00bb global_colors_info=\u00bb{}\u00bb][et_pb_text _builder_version=\u00bb4.11.1&#8243; _module_preset=\u00bb38128ce4-78a8-4c45-b3ff-f4fb37f074f0&#8243; header_font=\u00bb||||||||\u00bb header_2_font=\u00bb|700|||||||\u00bb header_2_text_color=\u00bb#244F7B\u00bb header_2_line_height=\u00bb1.2em\u00bb header_4_font=\u00bb|500|||||||\u00bb header_4_text_color=\u00bb#FFFFFF\u00bb header_4_line_height=\u00bb1.5em\u00bb header_4_font_size_tablet=\u00bb16px\u00bb header_4_font_size_phone=\u00bb14px\u00bb header_4_font_size_last_edited=\u00bbon|tablet\u00bb locked=\u00bboff\u00bb global_colors_info=\u00bb{}\u00bb]<h2><span style=%22font-weight: 400;%22>Para v\u00edctimas de violencia dom\u00e9stica<\/span><\/h2>[\/et_pb_text][et_pb_text _builder_version=\u00bb4.11.2&#8243; _module_preset=\u00bb7262e956-c376-4aa6-9642-c413f71527d0&#8243; text_text_color=\u00bb#244F7B\u00bb text_line_height=\u00bb1.8em\u00bb header_font_size_tablet=\u00bb55px\u00bb header_font_size_last_edited=\u00bboff|desktop\u00bb locked=\u00bboff\u00bb global_colors_info=\u00bb{}\u00bb]<p><span style=%22font-weight: 400;%22>La violencia dom\u00e9stica es un patr\u00f3n de comportamientos que usa una persona para mantener el poder y el control sobre otra.<\/span><\/p>[\/et_pb_text][et_pb_button button_url=\u00bb@ET-DC@eyJkeW5hbWljIjp0cnVlLCJjb250ZW50IjoicG9zdF9saW5rX3VybF9wYWdlIiwic2V0dGluZ3MiOnsicG9zdF9pZCI6IjY5In19@\u00bb button_text=\u00bbComience aqu\u00ed.\u00bb _builder_version=\u00bb4.11.1&#8243; _dynamic_attributes=\u00bbbutton_url\u00bb _module_preset=\u00bbdefault\u00bb custom_button=\u00bbon\u00bb button_text_color=\u00bb#244F7B\u00bb custom_margin=\u00bb25px||||false|false\u00bb global_colors_info=\u00bb{}\u00bb][\/et_pb_button][\/et_pb_column][et_pb_column type=\u00bb1_5&#8243; admin_label=\u00bbPara las v\u00edctimas de abuso sexual\u00bb _builder_version=\u00bb4.11.1&#8243; _module_preset=\u00bbdefault\u00bb background_color=\u00bb#6b9fd4&#8243; background_image=\u00bbhttps:\/\/stopthecyclenc.org\/wp-content\/uploads\/2021\/10\/high-school_50.png\u00bb background_size=\u00bbinitial\u00bb background_position=\u00bbtop_left\u00bb background_repeat=\u00bbrepeat-x\u00bb custom_padding=\u00bb60px|30px|40px|30px|false|true\u00bb custom_padding_tablet=\u00bb40px|20px|20px|20px|false|true\u00bb custom_padding_phone=\u00bb40px|20px|20px|20px|false|true\u00bb custom_padding_last_edited=\u00bbon|desktop\u00bb global_colors_info=\u00bb{}\u00bb][et_pb_text _builder_version=\u00bb4.11.1&#8243; _module_preset=\u00bb38128ce4-78a8-4c45-b3ff-f4fb37f074f0&#8243; header_font=\u00bb||||||||\u00bb header_2_font=\u00bb|700|||||||\u00bb header_2_text_color=\u00bb#FFFFFF\u00bb header_2_line_height=\u00bb1.2em\u00bb header_4_font=\u00bb|500|||||||\u00bb header_4_text_color=\u00bb#FFFFFF\u00bb header_4_line_height=\u00bb1.5em\u00bb header_4_font_size_tablet=\u00bb16px\u00bb header_4_font_size_phone=\u00bb14px\u00bb header_4_font_size_last_edited=\u00bbon|tablet\u00bb locked=\u00bboff\u00bb global_colors_info=\u00bb{}\u00bb]<h2><span style=%22font-weight: 400;%22>Para las v\u00edctimas de abuso sexual<\/span><\/h2>[\/et_pb_text][et_pb_text _builder_version=\u00bb4.11.2&#8243; _module_preset=\u00bb7262e956-c376-4aa6-9642-c413f71527d0&#8243; text_text_color=\u00bb#FFFFFF\u00bb text_line_height=\u00bb1.8em\u00bb header_font_size_tablet=\u00bb55px\u00bb header_font_size_last_edited=\u00bboff|desktop\u00bb locked=\u00bboff\u00bb global_colors_info=\u00bb{}\u00bb]<p><span style=%22font-weight: 400;%22>El abuso sexual se refiere al contacto o comportamiento sexual que se produce sin el consentimiento expl\u00edcito de la v\u00edctima.<\/span><\/p>[\/et_pb_text][et_pb_button button_url=\u00bb@ET-DC@eyJkeW5hbWljIjp0cnVlLCJjb250ZW50IjoicG9zdF9saW5rX3VybF9wYWdlIiwic2V0dGluZ3MiOnsicG9zdF9pZCI6IjE1MyJ9fQ==@\u00bb button_text=\u00bbComience aqu\u00ed.\u00bb _builder_version=\u00bb4.11.1&#8243; _dynamic_attributes=\u00bbbutton_url\u00bb _module_preset=\u00bbdefault\u00bb custom_button=\u00bbon\u00bb button_text_color=\u00bb#FFFFFF\u00bb custom_margin=\u00bb25px||||false|false\u00bb global_colors_info=\u00bb{}\u00bb][\/et_pb_button][\/et_pb_column][et_pb_column type=\u00bb1_5&#8243; admin_label=\u00bbPara las v\u00edctimas de la trata de personas\u00bb _builder_version=\u00bb4.11.1&#8243; _module_preset=\u00bbdefault\u00bb background_color=\u00bb#3A7FC5&#8243; background_image=\u00bbhttps:\/\/stopthecyclenc.org\/wp-content\/uploads\/2021\/10\/high-school_50.png\u00bb background_size=\u00bbinitial\u00bb background_position=\u00bbtop_left\u00bb background_repeat=\u00bbrepeat-x\u00bb custom_padding=\u00bb60px|30px|40px|30px|false|true\u00bb custom_padding_tablet=\u00bb40px|20px|20px|20px|false|true\u00bb custom_padding_phone=\u00bb40px|20px|20px|20px|false|true\u00bb custom_padding_last_edited=\u00bbon|desktop\u00bb global_colors_info=\u00bb{}\u00bb][et_pb_text _builder_version=\u00bb4.11.1&#8243; _module_preset=\u00bb38128ce4-78a8-4c45-b3ff-f4fb37f074f0&#8243; header_font=\u00bb||||||||\u00bb header_2_font=\u00bb|700|||||||\u00bb header_2_text_color=\u00bb#FFFFFF\u00bb header_2_line_height=\u00bb1.2em\u00bb header_4_font=\u00bb|600|||||||\u00bb header_4_text_color=\u00bb#FFFFFF\u00bb header_4_line_height=\u00bb1.5em\u00bb header_4_font_size_tablet=\u00bb16px\u00bb header_4_font_size_phone=\u00bb14px\u00bb header_4_font_size_last_edited=\u00bbon|tablet\u00bb locked=\u00bboff\u00bb global_colors_info=\u00bb{}\u00bb]<h2><span style=%22font-weight: 400;%22>Para las v\u00edctimas de la trata de personas<\/span><\/h2>[\/et_pb_text][et_pb_text _builder_version=\u00bb4.11.3&#8243; _module_preset=\u00bb7262e956-c376-4aa6-9642-c413f71527d0&#8243; text_text_color=\u00bb#FFFFFF\u00bb text_line_height=\u00bb1.8em\u00bb hover_enabled=\u00bb0&#8243; header_font_size_tablet=\u00bb55px\u00bb header_font_size_last_edited=\u00bboff|desktop\u00bb locked=\u00bboff\u00bb global_colors_info=\u00bb{}\u00bb sticky_enabled=\u00bb0&#8243;]<p><span style=%22font-weight: 400;%22>La trata de personas se produce cuando un traficante soborna, obliga o enga\u00f1a a una v\u00edctima para que trabaje o se someta a actos sexuales.<\/span><\/p>[\/et_pb_text][et_pb_button button_url=\u00bb@ET-DC@eyJkeW5hbWljIjp0cnVlLCJjb250ZW50IjoicG9zdF9saW5rX3VybF9wYWdlIiwic2V0dGluZ3MiOnsicG9zdF9pZCI6IjE2NCJ9fQ==@\u00bb button_text=\u00bbComience aqu\u00ed.\u00bb _builder_version=\u00bb4.11.1&#8243; _dynamic_attributes=\u00bbbutton_url\u00bb _module_preset=\u00bbdefault\u00bb custom_button=\u00bbon\u00bb button_text_color=\u00bb#FFFFFF\u00bb custom_margin=\u00bb25px||||false|false\u00bb global_colors_info=\u00bb{}\u00bb][\/et_pb_button][\/et_pb_column][et_pb_column type=\u00bb1_5&#8243; admin_label=\u00bbPara las v\u00edctimas inmigrantes\u00bb _builder_version=\u00bb4.11.1&#8243; _module_preset=\u00bbdefault\u00bb background_color=\u00bb#84AFDB\u00bb background_image=\u00bbhttps:\/\/stopthecyclenc.org\/wp-content\/uploads\/2021\/10\/high-school_50.png\u00bb background_size=\u00bbinitial\u00bb background_position=\u00bbtop_left\u00bb background_repeat=\u00bbrepeat-x\u00bb custom_padding=\u00bb60px|30px|40px|30px|false|true\u00bb custom_padding_tablet=\u00bb40px|20px|20px|20px|false|true\u00bb custom_padding_phone=\u00bb40px|20px|20px|20px|false|true\u00bb custom_padding_last_edited=\u00bbon|desktop\u00bb global_colors_info=\u00bb{}\u00bb][et_pb_text _builder_version=\u00bb4.11.1&#8243; _module_preset=\u00bb38128ce4-78a8-4c45-b3ff-f4fb37f074f0&#8243; header_font=\u00bb||||||||\u00bb header_2_font=\u00bb|700|||||||\u00bb header_2_text_color=\u00bb#FFFFFF\u00bb header_2_line_height=\u00bb1.2em\u00bb header_4_font=\u00bb|500|||||||\u00bb header_4_text_color=\u00bb#FFFFFF\u00bb header_4_line_height=\u00bb1.5em\u00bb header_4_font_size_tablet=\u00bb16px\u00bb header_4_font_size_phone=\u00bb14px\u00bb header_4_font_size_last_edited=\u00bbon|tablet\u00bb locked=\u00bboff\u00bb global_colors_info=\u00bb{}\u00bb]<h2><span style=%22font-weight: 400;%22>Para las v\u00edctimas inmigrantes<\/span><\/h2>[\/et_pb_text][et_pb_text _builder_version=\u00bb4.11.1&#8243; _module_preset=\u00bb7262e956-c376-4aa6-9642-c413f71527d0&#8243; text_text_color=\u00bb#FFFFFF\u00bb text_line_height=\u00bb1.8em\u00bb header_font_size_tablet=\u00bb55px\u00bb header_font_size_last_edited=\u00bboff|desktop\u00bb locked=\u00bboff\u00bb global_colors_info=\u00bb{}\u00bb]<p><span style=%22font-weight: 400;%22>Legal Aid NC ayuda a los inmigrantes que son v\u00edctimas de violencia dom\u00e9stica, abuso sexual y trata de personas sin tener en cuenta su situaci\u00f3n migratoria. <\/span><\/p>[\/et_pb_text][et_pb_button button_url=\u00bb@ET-DC@eyJkeW5hbWljIjp0cnVlLCJjb250ZW50IjoicG9zdF9saW5rX3VybF9wYWdlIiwic2V0dGluZ3MiOnsicG9zdF9pZCI6IjE2OCJ9fQ==@\u00bb button_text=\u00bbComience aqu\u00ed.\u00bb _builder_version=\u00bb4.11.1&#8243; _dynamic_attributes=\u00bbbutton_url\u00bb _module_preset=\u00bbdefault\u00bb custom_button=\u00bbon\u00bb button_text_color=\u00bb#FFFFFF\u00bb custom_margin=\u00bb25px||||false|false\u00bb global_colors_info=\u00bb{}\u00bb][\/et_pb_button][\/et_pb_column][et_pb_column type=\u00bb1_5&#8243; admin_label=\u00bbPara los adultos mayores\u00bb _builder_version=\u00bb4.11.1&#8243; _module_preset=\u00bbdefault\u00bb background_color=\u00bb#2B5F94&#8243; background_image=\u00bbhttps:\/\/stopthecyclenc.org\/wp-content\/uploads\/2021\/10\/high-school_50.png\u00bb background_size=\u00bbinitial\u00bb background_position=\u00bbtop_left\u00bb background_repeat=\u00bbrepeat-x\u00bb custom_padding=\u00bb60px|30px|40px|30px|false|true\u00bb custom_padding_tablet=\u00bb40px|20px|20px|20px|false|true\u00bb custom_padding_phone=\u00bb40px|20px|20px|20px|false|true\u00bb custom_padding_last_edited=\u00bbon|desktop\u00bb global_colors_info=\u00bb{}\u00bb][et_pb_text _builder_version=\u00bb4.11.1&#8243; _module_preset=\u00bb38128ce4-78a8-4c45-b3ff-f4fb37f074f0&#8243; header_font=\u00bb||||||||\u00bb header_2_font=\u00bb|700|||||||\u00bb header_2_text_color=\u00bb#FFFFFF\u00bb header_2_line_height=\u00bb1.2em\u00bb header_4_font=\u00bb|500|||||||\u00bb header_4_text_color=\u00bb#FFFFFF\u00bb header_4_line_height=\u00bb1.5em\u00bb header_4_font_size_tablet=\u00bb16px\u00bb header_4_font_size_phone=\u00bb14px\u00bb header_4_font_size_last_edited=\u00bbon|tablet\u00bb locked=\u00bboff\u00bb global_colors_info=\u00bb{}\u00bb]<h2><span style=%22font-weight: 400;%22>Para los adultos mayores <\/span><\/h2>[\/et_pb_text][et_pb_text _builder_version=\u00bb4.11.2&#8243; _module_preset=\u00bb7262e956-c376-4aa6-9642-c413f71527d0&#8243; text_text_color=\u00bb#FFFFFF\u00bb text_line_height=\u00bb1.8em\u00bb header_font_size_tablet=\u00bb55px\u00bb header_font_size_last_edited=\u00bboff|desktop\u00bb locked=\u00bboff\u00bb global_colors_info=\u00bb{}\u00bb]<p><span>Las personas mayores de cualquier raza, sexo, nivel educativo o situaci\u00f3n econ\u00f3mica pueden ser blanco f\u00e1cil de la explotaci\u00f3n econ\u00f3mica.<\/span><\/p>[\/et_pb_text][et_pb_button button_url=\u00bb@ET-DC@eyJkeW5hbWljIjp0cnVlLCJjb250ZW50IjoicG9zdF9saW5rX3VybF9wYWdlIiwic2V0dGluZ3MiOnsicG9zdF9pZCI6IjE3NiJ9fQ==@\u00bb button_text=\u00bbComience aqu\u00ed.\u00bb _builder_version=\u00bb4.11.1&#8243; _dynamic_attributes=\u00bbbutton_url\u00bb _module_preset=\u00bbdefault\u00bb custom_button=\u00bbon\u00bb button_text_color=\u00bb#FFFFFF\u00bb custom_margin=\u00bb25px||||false|false\u00bb global_colors_info=\u00bb{}\u00bb][\/et_pb_button][\/et_pb_column][\/et_pb_row][\/et_pb_section][et_pb_section fb_built=\u00bb1&#8243; admin_label=\u00bbMission\u00bb _builder_version=\u00bb4.11.1&#8243; _module_preset=\u00bbdefault\u00bb background_color=\u00bb#3A7FC5&#8243; use_background_color_gradient=\u00bbon\u00bb background_color_gradient_start=\u00bbrgba(0,0,0,0.11)\u00bb background_color_gradient_end=\u00bbrgba(0,0,0,0)\u00bb background_color_gradient_end_position=\u00bb18%\u00bb global_colors_info=\u00bb{}\u00bb][et_pb_row column_structure=\u00bb1_2,1_2&#8243; _builder_version=\u00bb4.10.6&#8243; _module_preset=\u00bbdefault\u00bb custom_margin=\u00bb-10px|auto||auto||\u00bb custom_padding=\u00bb||||false|false\u00bb global_colors_info=\u00bb{}\u00bb][et_pb_column type=\u00bb1_2&#8243; _builder_version=\u00bb4.10.6&#8243; _module_preset=\u00bbdefault\u00bb global_colors_info=\u00bb{}\u00bb][et_pb_text _builder_version=\u00bb4.11.1&#8243; _module_preset=\u00bb003e9429-8e11-4d9e-968b-8881092bbf81&#8243; header_2_font=\u00bb|500|||||||\u00bb header_2_text_color=\u00bb#FFFFFF\u00bb header_2_font_size=\u00bb40px\u00bb header_2_line_height=\u00bb1.2em\u00bb custom_margin=\u00bb||0px||false|false\u00bb header_2_font_size_tablet=\u00bb30px\u00bb header_2_font_size_phone=\u00bb20px\u00bb header_2_font_size_last_edited=\u00bbon|desktop\u00bb locked=\u00bboff\u00bb global_colors_info=\u00bb{}\u00bb]<h2>Nuestra misi\u00f3n<\/h2>[\/et_pb_text][et_pb_text _builder_version=\u00bb4.11.1&#8243; _module_preset=\u00bb7262e956-c376-4aa6-9642-c413f71527d0&#8243; text_text_color=\u00bb#FFFFFF\u00bb text_line_height=\u00bb1.8em\u00bb header_font_size_tablet=\u00bb55px\u00bb header_font_size_last_edited=\u00bboff|desktop\u00bb locked=\u00bboff\u00bb global_colors_info=\u00bb{}\u00bb]<p><span>Legal Aid of North Carolina es un bufete de abogados sin fines de lucro en todo el estado que brinda servicios legales gratuitos en asuntos civiles a personas de bajos ingresos para garantizar el acceso equitativo a la justicia y eliminar las barreras legales a las oportunidades econ\u00f3micas.<\/span><\/p>[\/et_pb_text][\/et_pb_column][et_pb_column type=\u00bb1_2&#8243; _builder_version=\u00bb4.10.6&#8243; _module_preset=\u00bbdefault\u00bb custom_padding=\u00bb120px||||false|false\u00bb custom_padding_tablet=\u00bb0px||||false|false\u00bb custom_padding_phone=\u00bb\u00bb custom_padding_last_edited=\u00bbon|tablet\u00bb global_colors_info=\u00bb{}\u00bb][et_pb_text _builder_version=\u00bb4.11.1&#8243; _module_preset=\u00bb003e9429-8e11-4d9e-968b-8881092bbf81&#8243; header_2_font=\u00bb|500|||||||\u00bb header_2_text_color=\u00bb#FFFFFF\u00bb header_2_font_size=\u00bb40px\u00bb header_2_line_height=\u00bb1.2em\u00bb custom_margin=\u00bb||0px||false|false\u00bb header_2_font_size_tablet=\u00bb30px\u00bb header_2_font_size_phone=\u00bb20px\u00bb header_2_font_size_last_edited=\u00bbon|desktop\u00bb locked=\u00bboff\u00bb global_colors_info=\u00bb{}\u00bb]<h2 class=%22section%22>Pol\u00edtica de no discriminaci\u00f3n<\/h2>[\/et_pb_text][et_pb_text _builder_version=\u00bb4.11.1&#8243; _module_preset=\u00bb7262e956-c376-4aa6-9642-c413f71527d0&#8243; text_text_color=\u00bb#FFFFFF\u00bb text_line_height=\u00bb1.8em\u00bb header_font_size_tablet=\u00bb55px\u00bb header_font_size_last_edited=\u00bboff|desktop\u00bb locked=\u00bboff\u00bb global_colors_info=\u00bb{}\u00bb]<p><span>No discriminamos por motivos de raza, color, religi\u00f3n, nacionalidad, sexo, edad, discapacidad, estado civil o familiar, orientaci\u00f3n sexual ni cualquier otro motivo prohibido por la ley. Lea nuestro completo <\/span><a data-entity-substitution=%22canonical%22 data-entity-type=%22node%22 data-entity-uuid=%225ca6b2dd-f65f-417f-b669-0783fa1ceaa8%22 href=%22https:\/\/www.legalaidnc.org\/non-discrimination-policy%22 title=%22Pol\u00edtica de no discriminaci\u00f3n%22>declaraci\u00f3n y pol\u00edtica de no discriminaci\u00f3n<\/a> completa<span>.<\/span><\/p>[\/et_pb_text][\/et_pb_column][\/et_pb_row][\/et_pb_section]\n","protected":false},"excerpt":{"rendered":"<p>Comience aqu\u00ed para poner fin al abuso.Para v\u00edctimas de violencia dom\u00e9sticaLa violencia dom\u00e9stica es un patr\u00f3n de comportamientos que usa una persona para mantener el poder y el control sobre otra.Para las v\u00edctimas de abuso sexualEl abuso sexual se refiere al contacto o comportamiento sexual que se produce sin el consentimiento expl\u00edcito de la v\u00edctima.Para [&hellip;]<\/p>\n","protected":false},"author":1,"featured_media":411,"parent":0,"menu_order":0,"comment_status":"closed","ping_status":"closed","template":"","meta":{"_et_pb_use_builder":"on","_et_pb_old_content":"","_et_gb_content_width":"","_monsterinsights_skip_tracking":false,"_monsterinsights_sitenote_active":false,"_monsterinsights_sitenote_note":"","_monsterinsights_sitenote_category":0,"footnotes":""},"class_list":["post-439","page","type-page","status-publish","has-post-thumbnail","hentry"],"jetpack_sharing_enabled":true,"_links":{"self":[{"href":"https:\/\/stopthecyclenc.org\/es\/wp-json\/wp\/v2\/pages\/439","targetHints":{"allow":["GET"]}}],"collection":[{"href":"https:\/\/stopthecyclenc.org\/es\/wp-json\/wp\/v2\/pages"}],"about":[{"href":"https:\/\/stopthecyclenc.org\/es\/wp-json\/wp\/v2\/types\/page"}],"author":[{"embeddable":true,"href":"https:\/\/stopthecyclenc.org\/es\/wp-json\/wp\/v2\/users\/1"}],"replies":[{"embeddable":true,"href":"https:\/\/stopthecyclenc.org\/es\/wp-json\/wp\/v2\/comments?post=439"}],"version-history":[{"count":10,"href":"https:\/\/stopthecyclenc.org\/es\/wp-json\/wp\/v2\/pages\/439\/revisions"}],"predecessor-version":[{"id":556,"href":"https:\/\/stopthecyclenc.org\/es\/wp-json\/wp\/v2\/pages\/439\/revisions\/556"}],"wp:featuredmedia":[{"embeddable":true,"href":"https:\/\/stopthecyclenc.org\/es\/wp-json\/wp\/v2\/media\/411"}],"wp:attachment":[{"href":"https:\/\/stopthecyclenc.org\/es\/wp-json\/wp\/v2\/media?parent=439"}],"curies":[{"name":"wp","href":"https:\/\/api.w.org\/{rel}","templated":true}]}}