{"id":430,"date":"2021-11-08T16:54:40","date_gmt":"2021-11-08T16:54:40","guid":{"rendered":"https:\/\/stopthecyclenc.org\/trata-de-personas\/"},"modified":"2021-11-11T13:38:48","modified_gmt":"2021-11-11T13:38:48","slug":"trata-de-personas","status":"publish","type":"page","link":"https:\/\/stopthecyclenc.org\/es\/empieza-aqui\/trata-de-personas\/","title":{"rendered":"Trata de personas"},"content":{"rendered":"<p>[et_pb_section fb_built=\u00bb1&#8243; admin_label=\u00bbHeader\u00bb _builder_version=\u00bb4.11.1&#8243; _module_preset=\u00bbdefault\u00bb use_background_color_gradient=\u00bbon\u00bb background_color_gradient_start=\u00bb#ffffff\u00bb background_color_gradient_end=\u00bb#e6eff8&#8243; background_color_gradient_start_position=\u00bb85%\u00bb global_colors_info=\u00bb{}\u00bb][et_pb_row _builder_version=\u00bb4.10.6&#8243; _module_preset=\u00bbdefault\u00bb custom_padding=\u00bb||0px|||\u00bb global_colors_info=\u00bb{}\u00bb][et_pb_column type=\u00bb4_4&#8243; _builder_version=\u00bb4.10.6&#8243; _module_preset=\u00bbdefault\u00bb global_colors_info=\u00bb{}\u00bb][et_pb_text _builder_version=\u00bb4.11.1&#8243; _module_preset=\u00bbdefault\u00bb header_4_font=\u00bb|700||on|||||\u00bb header_4_text_color=\u00bb#3A7FC5&#8243; header_4_letter_spacing=\u00bb3px\u00bb custom_margin=\u00bb||0px||false|false\u00bb global_colors_info=\u00bb{}\u00bb]<\/p>\n<h4>Para las v\u00edctimas de<\/h4>\n<p>[\/et_pb_text][et_pb_text _builder_version=\u00bb4.11.1&#8243; _module_preset=\u00bbe598b17a-9229-42f6-b238-019d6094332e\u00bb header_font=\u00bb|500|||||||\u00bb header_text_color=\u00bb#3A7FC5&#8243; header_font_size=\u00bb80px\u00bb header_line_height=\u00bb1.15em\u00bb header_font_size_tablet=\u00bb40px\u00bb header_font_size_phone=\u00bb24px\u00bb header_font_size_last_edited=\u00bbon|desktop\u00bb locked=\u00bboff\u00bb global_colors_info=\u00bb{}\u00bb]<\/p>\n<h1><span style=%22font-weight: 400;%22>Trata de personas<\/span><\/h1>\n<p>[\/et_pb_text][\/et_pb_column][\/et_pb_row][et_pb_row column_structure=\u00bb1_2,1_2&#8243; _builder_version=\u00bb4.11.1&#8243; _module_preset=\u00bbdefault\u00bb global_colors_info=\u00bb{}\u00bb][et_pb_column type=\u00bb1_2&#8243; _builder_version=\u00bb4.10.6&#8243; _module_preset=\u00bbdefault\u00bb global_colors_info=\u00bb{}\u00bb][et_pb_text _builder_version=\u00bb4.11.3&#8243; _module_preset=\u00bb7262e956-c376-4aa6-9642-c413f71527d0&#8243; text_line_height=\u00bb1.8em\u00bb header_line_height=\u00bb1.5em\u00bb header_2_text_color=\u00bb#000000&#8243; header_2_line_height=\u00bb1.5em\u00bb header_3_line_height=\u00bb1.5em\u00bb custom_margin=\u00bb-31px|||||\u00bb custom_padding=\u00bb28px||||false|false\u00bb hover_enabled=\u00bb0&#8243; header_font_size_tablet=\u00bb55px\u00bb header_font_size_last_edited=\u00bboff|desktop\u00bb locked=\u00bboff\u00bb global_colors_info=\u00bb{}\u00bb sticky_enabled=\u00bb0&#8243;]<\/p>\n<h2><span style=%22font-weight: 400;%22>La trata de personas puede adoptar muchas formas diferentes y victimiza a alguna persona de cualquier raza, edad, g\u00e9nero, sexualidad, religi\u00f3n, nivel educativo o situaci\u00f3n econ\u00f3mica. La trata de personas se produce cuando un traficante soborna, obliga o enga\u00f1a a una v\u00edctima para que trabaje o se someta a actos sexuales.<\/span><\/h2>\n<p>[\/et_pb_text][\/et_pb_column][et_pb_column type=\u00bb1_2&#8243; _builder_version=\u00bb4.11.1&#8243; _module_preset=\u00bbdefault\u00bb background_color=\u00bb#3A7FC5&#8243; custom_padding=\u00bb40px|30px|40px|30px|true|true\u00bb custom_padding_tablet=\u00bb\u00bb custom_padding_phone=\u00bb|20px||20px|true|true\u00bb custom_padding_last_edited=\u00bbon|phone\u00bb global_colors_info=\u00bb{}\u00bb][et_pb_text _builder_version=\u00bb4.11.1&#8243; _module_preset=\u00bb5c989a74-8649-4b9a-a4a2-6d2b8ae2551c\u00bb header_2_text_color=\u00bb#FFFFFF\u00bb header_4_font=\u00bb|800||on|||||\u00bb header_4_text_color=\u00bbrgba(255,255,255,0.5)\u00bb header_4_font_size=\u00bb12px\u00bb header_4_letter_spacing=\u00bb3px\u00bb header_4_line_height=\u00bb1.5em\u00bb custom_margin=\u00bb||0px||false|false\u00bb locked=\u00bboff\u00bb global_colors_info=\u00bb{}\u00bb]<\/p>\n<h2><strong>\u00bfQu\u00e9 es la trata de personas?<\/strong><\/h2>\n<p>[\/et_pb_text][et_pb_text _builder_version=\u00bb4.11.1&#8243; _module_preset=\u00bbc2a3d585-c259-4e5a-8faa-710c0e634348&#8243; text_font=\u00bb|500|||||||\u00bb text_text_color=\u00bb#FFFFFF\u00bb text_font_size=\u00bb16px\u00bb text_line_height=\u00bb1.6em\u00bb header_5_text_color=\u00bb#FFFFFF\u00bb header_5_line_height=\u00bb1.8em\u00bb text_font_size_tablet=\u00bb15px\u00bb text_font_size_phone=\u00bb14px\u00bb text_font_size_last_edited=\u00bbon|desktop\u00bb header_font_size_tablet=\u00bb55px\u00bb header_font_size_last_edited=\u00bboff|desktop\u00bb locked=\u00bboff\u00bb global_colors_info=\u00bb{}\u00bb]<span style=%22font-weight: 400;%22>En algunos casos, los traficantes enga\u00f1an, estafan u obligan f\u00edsicamente a las v\u00edctimas a mantener relaciones sexuales a cambio de dinero. En otros, se miente a las v\u00edctimas, se las hiere, se las amenaza o se las manipula para que trabajen en condiciones inhumanas o ilegales. Las v\u00edctimas de la trata son enga\u00f1adas con falsas promesas de amor, un buen trabajo o una vida estable.<\/span>[\/et_pb_text][\/et_pb_column][\/et_pb_row][\/et_pb_section][et_pb_section fb_built=\u00bb1&#8243; custom_padding_last_edited=\u00bbon|phone\u00bb admin_label=\u00bbCall to Action\u00bb _builder_version=\u00bb4.11.1&#8243; _module_preset=\u00bbdefault\u00bb background_image=\u00bbhttps:\/\/stopthecyclenc.org\/wp-content\/uploads\/2021\/10\/STCNC-trafficking-1080&#215;608-1.jpg\u00bb custom_padding=\u00bb||120px|||\u00bb custom_padding_tablet=\u00bb||100px||false|false\u00bb custom_padding_phone=\u00bb||60px||false|false\u00bb locked=\u00bboff\u00bb global_colors_info=\u00bb{}\u00bb][et_pb_row _builder_version=\u00bb4.11.1&#8243; _module_preset=\u00bbdefault\u00bb background_color=\u00bb#E6EFF8&#8243; background_image=\u00bbhttps:\/\/stopthecyclenc.org\/wp-content\/uploads\/2021\/10\/high-school_43.png\u00bb background_size=\u00bbinitial\u00bb background_position=\u00bbtop_left\u00bb background_repeat=\u00bbrepeat-x\u00bb filter_opacity=\u00bb80%\u00bb locked=\u00bboff\u00bb global_colors_info=\u00bb{}\u00bb][et_pb_column type=\u00bb4_4&#8243; _builder_version=\u00bb4.10.6&#8243; _module_preset=\u00bbdefault\u00bb custom_padding=\u00bb40px|40px|40px|40px|true|true\u00bb custom_padding_tablet=\u00bb30px|30px|30px|30px|true|true\u00bb custom_padding_phone=\u00bb20px|20px|20px|20px|true|true\u00bb custom_padding_last_edited=\u00bbon|phone\u00bb global_colors_info=\u00bb{}\u00bb][et_pb_text _builder_version=\u00bb4.11.1&#8243; _module_preset=\u00bb003e9429-8e11-4d9e-968b-8881092bbf81&#8243; header_2_font=\u00bb|500|||||||\u00bb header_2_text_align=\u00bbcenter\u00bb header_2_text_color=\u00bb#000000&#8243; header_2_font_size=\u00bb40px\u00bb header_2_line_height=\u00bb1.2em\u00bb custom_margin=\u00bb||0px||false|false\u00bb header_2_font_size_tablet=\u00bb30px\u00bb header_2_font_size_phone=\u00bb20px\u00bb header_2_font_size_last_edited=\u00bbon|desktop\u00bb locked=\u00bboff\u00bb global_colors_info=\u00bb{}\u00bb]<\/p>\n<p style=%22text-align: center;%22><span style=%22font-size: xx-large; color: #3a7fc5;%22><b>La representaci\u00f3n legal es clave para detener el ciclo de abusos.<\/b><\/span><\/p>\n<p>[\/et_pb_text][et_pb_text _builder_version=\u00bb4.11.1&#8243; _module_preset=\u00bb7262e956-c376-4aa6-9642-c413f71527d0&#8243; text_text_color=\u00bb#000000&#8243; text_line_height=\u00bb1.8em\u00bb header_3_line_height=\u00bb1.5em\u00bb text_orientation=\u00bbcenter\u00bb custom_padding=\u00bb25px||||false|false\u00bb header_font_size_tablet=\u00bb55px\u00bb header_font_size_last_edited=\u00bboff|desktop\u00bb locked=\u00bboff\u00bb global_colors_info=\u00bb{}\u00bb]<\/p>\n<h3><span style=%22font-weight: 400;%22>Incluso si no ha recurrido a las fuerzas del orden contra su agresor, Legal Aid NC puede ayudarle. Podemos informarle de sus derechos y trabajar para ayudarle a que dichos derechos se cumplan.<\/span><\/h3>\n<p>[\/et_pb_text][et_pb_button button_url=\u00bbhttps:\/\/www.legalaidnc.org\/get-help\/apply-online\u00bb url_new_window=\u00bbon\u00bb button_text=\u00bbBusque ayuda\u00bb button_alignment=\u00bbcenter\u00bb _builder_version=\u00bb4.11.3&#8243; _module_preset=\u00bbcefaa07f-9636-40fe-a939-2a0ccdc332c6&#8243; custom_button=\u00bbon\u00bb button_text_size=\u00bb16px\u00bb button_text_color=\u00bb#3A7FC5&#8243; button_bg_color=\u00bbRGBA(0,0,0,0)\u00bb button_border_width=\u00bb1px\u00bb button_border_color=\u00bb#3A7FC5&#8243; button_border_radius=\u00bb0px\u00bb button_font=\u00bb|700|||||||\u00bb custom_padding=\u00bb15px|30px|15px|30px|true|true\u00bb locked=\u00bboff\u00bb global_colors_info=\u00bb{}\u00bb][\/et_pb_button][\/et_pb_column][\/et_pb_row][\/et_pb_section][et_pb_section fb_built=\u00bb1&#8243; admin_label=\u00bbFooter\u00bb _builder_version=\u00bb4.11.1&#8243; _module_preset=\u00bbdefault\u00bb background_color=\u00bb#000000&#8243; custom_margin=\u00bb||||false|false\u00bb global_colors_info=\u00bb{}\u00bb][et_pb_row column_structure=\u00bb1_5,1_5,1_5,1_5,1_5&#8243; use_custom_gutter=\u00bbon\u00bb gutter_width=\u00bb1&#8243; make_equal=\u00bbon\u00bb _builder_version=\u00bb4.11.1&#8243; _module_preset=\u00bbdefault\u00bb background_color=\u00bbRGBA(0,0,0,0)\u00bb max_width=\u00bb1440px\u00bb custom_margin=\u00bb-90px||||false|false\u00bb custom_padding=\u00bb0px||||false|false\u00bb global_colors_info=\u00bb{}\u00bb][et_pb_column type=\u00bb1_5&#8243; _builder_version=\u00bb4.11.1&#8243; _module_preset=\u00bbdefault\u00bb background_color=\u00bb#2B5F94&#8243; background_image=\u00bbhttps:\/\/stopthecyclenc.org\/wp-content\/uploads\/2021\/10\/high-school_17.png\u00bb background_size=\u00bbinitial\u00bb background_position=\u00bbtop_right\u00bb background_repeat=\u00bbrepeat-y\u00bb custom_padding=\u00bb40px|40px|40px|20px|true|false\u00bb custom_padding_tablet=\u00bb40px||40px||true|false\u00bb custom_padding_phone=\u00bb30px|20px|30px|20px|true|true\u00bb custom_padding_last_edited=\u00bboff|desktop\u00bb global_colors_info=\u00bb{}\u00bb][et_pb_text _builder_version=\u00bb4.11.1&#8243; _module_preset=\u00bbc2a3d585-c259-4e5a-8faa-710c0e634348&#8243; text_font=\u00bbRoboto|500|||||||\u00bb text_text_color=\u00bb#FFFFFF\u00bb text_font_size=\u00bb16px\u00bb text_line_height=\u00bb1.6em\u00bb header_text_color=\u00bb#FFFFFF\u00bb header_font_size=\u00bb40px\u00bb header_line_height=\u00bb1.1em\u00bb header_2_text_color=\u00bb#FFFFFF\u00bb header_2_font_size=\u00bb34px\u00bb header_2_line_height=\u00bb1.1em\u00bb header_5_text_color=\u00bb#FFFFFF\u00bb header_5_line_height=\u00bb1.8em\u00bb custom_margin=\u00bb|||15px|false|false\u00bb text_font_size_tablet=\u00bb15px\u00bb text_font_size_phone=\u00bb14px\u00bb text_font_size_last_edited=\u00bbon|desktop\u00bb header_font_size_tablet=\u00bb55px\u00bb header_font_size_last_edited=\u00bboff|desktop\u00bb locked=\u00bboff\u00bb global_colors_info=\u00bb{}\u00bb]<\/p>\n<h2><span style=%22font-weight: 400;%22>Servicios ofrecidos<\/span><\/h2>\n<p>[\/et_pb_text][\/et_pb_column][et_pb_column type=\u00bb1_5&#8243; _builder_version=\u00bb4.11.1&#8243; _module_preset=\u00bbdefault\u00bb background_color=\u00bb#84AFDB\u00bb background_image=\u00bbhttps:\/\/stopthecyclenc.org\/wp-content\/uploads\/2021\/10\/high-school_17.png\u00bb background_size=\u00bbinitial\u00bb background_position=\u00bbtop_right\u00bb background_repeat=\u00bbrepeat-y\u00bb custom_padding=\u00bb40px|40px|40px|20px|true|false\u00bb global_colors_info=\u00bb{}\u00bb][et_pb_text _builder_version=\u00bb4.11.1&#8243; _module_preset=\u00bb5c989a74-8649-4b9a-a4a2-6d2b8ae2551c\u00bb header_4_font=\u00bb|700||on|||||\u00bb header_4_text_color=\u00bbrgba(255,255,255,0.5)\u00bb header_4_font_size=\u00bb12px\u00bb header_4_letter_spacing=\u00bb3px\u00bb header_4_line_height=\u00bb1.5em\u00bb custom_margin=\u00bb||0px||false|false\u00bb locked=\u00bboff\u00bb global_colors_info=\u00bb{}\u00bb]<\/p>\n<h2><span style=%22font-weight: 400;%22>Defensa de los derechos de las v\u00edctimas<\/span><\/h2>\n<p>[\/et_pb_text][et_pb_text _builder_version=\u00bb4.11.1&#8243; _module_preset=\u00bbc2a3d585-c259-4e5a-8faa-710c0e634348&#8243; text_font=\u00bb|500|||||||\u00bb text_text_color=\u00bb#FFFFFF\u00bb text_font_size=\u00bb16px\u00bb text_line_height=\u00bb1.6em\u00bb header_5_text_color=\u00bb#FFFFFF\u00bb header_5_line_height=\u00bb1.8em\u00bb text_font_size_tablet=\u00bb15px\u00bb text_font_size_phone=\u00bb14px\u00bb text_font_size_last_edited=\u00bbon|desktop\u00bb header_font_size_tablet=\u00bb55px\u00bb header_font_size_last_edited=\u00bboff|desktop\u00bb locked=\u00bboff\u00bb global_colors_info=\u00bb{}\u00bb]<span style=%22font-weight: 400;%22>Podemos representarle y defender sus derechos como v\u00edctima\/testigo en una investigaci\u00f3n o procedimiento penal.<\/span>[\/et_pb_text][\/et_pb_column][et_pb_column type=\u00bb1_5&#8243; _builder_version=\u00bb4.11.1&#8243; _module_preset=\u00bbdefault\u00bb background_color=\u00bb#84AFDB\u00bb background_image=\u00bbhttps:\/\/stopthecyclenc.org\/wp-content\/uploads\/2021\/10\/high-school_17.png\u00bb background_size=\u00bbinitial\u00bb background_position=\u00bbtop_right\u00bb background_repeat=\u00bbrepeat-y\u00bb custom_padding=\u00bb40px|40px|40px|20px|true|false\u00bb global_colors_info=\u00bb{}\u00bb][et_pb_text _builder_version=\u00bb4.11.1&#8243; _module_preset=\u00bb5c989a74-8649-4b9a-a4a2-6d2b8ae2551c\u00bb header_4_font=\u00bbRoboto|700||on|||||\u00bb header_4_text_color=\u00bbrgba(255,255,255,0.5)\u00bb header_4_font_size=\u00bb12px\u00bb header_4_letter_spacing=\u00bb3px\u00bb header_4_line_height=\u00bb1.5em\u00bb custom_margin=\u00bb||0px||false|false\u00bb custom_margin_last_edited=\u00bboff|desktop\u00bb locked=\u00bboff\u00bb global_colors_info=\u00bb{}\u00bb]<\/p>\n<h2><span style=%22font-weight: 400;%22>Juicio civil<\/span><\/h2>\n<p>[\/et_pb_text][et_pb_text _builder_version=\u00bb4.11.1&#8243; _module_preset=\u00bbc2a3d585-c259-4e5a-8faa-710c0e634348&#8243; text_font=\u00bb|500|||||||\u00bb text_text_color=\u00bb#FFFFFF\u00bb text_font_size=\u00bb16px\u00bb text_line_height=\u00bb1.6em\u00bb link_text_color=\u00bb#FFFFFF\u00bb header_5_text_color=\u00bb#FFFFFF\u00bb header_5_line_height=\u00bb1.8em\u00bb text_font_size_tablet=\u00bb15px\u00bb text_font_size_phone=\u00bb14px\u00bb text_font_size_last_edited=\u00bbon|desktop\u00bb header_font_size_tablet=\u00bb55px\u00bb header_font_size_last_edited=\u00bboff|desktop\u00bb locked=\u00bboff\u00bb global_colors_info=\u00bb{}\u00bb]<span style=%22font-weight: 400;%22>Podemos ayudarle a demandar a su traficante para recuperar los da\u00f1os monetarios que ha sufrido.<\/span>[\/et_pb_text][\/et_pb_column][et_pb_column type=\u00bb1_5&#8243; _builder_version=\u00bb4.11.1&#8243; _module_preset=\u00bbdefault\u00bb background_color=\u00bb#84AFDB\u00bb background_image=\u00bbhttps:\/\/stopthecyclenc.org\/wp-content\/uploads\/2021\/10\/high-school_17.png\u00bb background_size=\u00bbinitial\u00bb background_position=\u00bbtop_right\u00bb background_repeat=\u00bbrepeat-y\u00bb custom_padding=\u00bb40px|40px|40px|20px|true|false\u00bb global_colors_info=\u00bb{}\u00bb][et_pb_text _builder_version=\u00bb4.11.1&#8243; _module_preset=\u00bb5c989a74-8649-4b9a-a4a2-6d2b8ae2551c\u00bb header_4_font=\u00bbRoboto|700||on|||||\u00bb header_4_text_color=\u00bbrgba(255,255,255,0.5)\u00bb header_4_font_size=\u00bb12px\u00bb header_4_letter_spacing=\u00bb3px\u00bb header_4_line_height=\u00bb1.5em\u00bb custom_margin=\u00bb||0px||false|false\u00bb custom_margin_last_edited=\u00bboff|desktop\u00bb locked=\u00bboff\u00bb global_colors_info=\u00bb{}\u00bb]<\/p>\n<h2><span style=%22font-weight: 400;%22>Asistencia en materia de inmigraci\u00f3n<\/span><\/h2>\n<p>[\/et_pb_text][et_pb_text _builder_version=\u00bb4.11.1&#8243; _module_preset=\u00bbc2a3d585-c259-4e5a-8faa-710c0e634348&#8243; text_font=\u00bb|500|||||||\u00bb text_text_color=\u00bb#FFFFFF\u00bb text_font_size=\u00bb16px\u00bb text_line_height=\u00bb1.6em\u00bb link_text_color=\u00bb#FFFFFF\u00bb header_5_text_color=\u00bb#FFFFFF\u00bb header_5_line_height=\u00bb1.8em\u00bb text_font_size_tablet=\u00bb15px\u00bb text_font_size_phone=\u00bb14px\u00bb text_font_size_last_edited=\u00bbon|desktop\u00bb header_font_size_tablet=\u00bb55px\u00bb header_font_size_last_edited=\u00bboff|desktop\u00bb locked=\u00bboff\u00bb global_colors_info=\u00bb{}\u00bb]<span style=%22font-weight: 400;%22>Existen disposiciones especiales de inmigraci\u00f3n para los sobrevivientes de la trata que no son ciudadanos estadounidenses. Podemos ayudarle a conseguir un estatus migratorio legal, evitar la deportaci\u00f3n y conseguir un permiso de trabajo.<\/span>[\/et_pb_text][\/et_pb_column][et_pb_column type=\u00bb1_5&#8243; _builder_version=\u00bb4.11.1&#8243; _module_preset=\u00bbdefault\u00bb background_color=\u00bb#84AFDB\u00bb background_image=\u00bbhttps:\/\/stopthecyclenc.org\/wp-content\/uploads\/2021\/10\/high-school_17.png\u00bb background_size=\u00bbinitial\u00bb background_position=\u00bbtop_right\u00bb background_repeat=\u00bbrepeat-y\u00bb custom_padding=\u00bb40px|40px|40px|20px|true|false\u00bb global_colors_info=\u00bb{}\u00bb][et_pb_text _builder_version=\u00bb4.11.1&#8243; _module_preset=\u00bb5c989a74-8649-4b9a-a4a2-6d2b8ae2551c\u00bb header_4_font=\u00bbRoboto|700||on|||||\u00bb header_4_text_color=\u00bbrgba(255,255,255,0.5)\u00bb header_4_font_size=\u00bb12px\u00bb header_4_letter_spacing=\u00bb3px\u00bb header_4_line_height=\u00bb1.5em\u00bb custom_margin=\u00bb||0px||false|false\u00bb locked=\u00bboff\u00bb global_colors_info=\u00bb{}\u00bb]<\/p>\n<h2>Ayuda adicional<\/h2>\n<p>[\/et_pb_text][et_pb_text _builder_version=\u00bb4.11.1&#8243; _module_preset=\u00bbc2a3d585-c259-4e5a-8faa-710c0e634348&#8243; text_font=\u00bb|500|||||||\u00bb text_text_color=\u00bb#FFFFFF\u00bb text_font_size=\u00bb16px\u00bb text_line_height=\u00bb1.6em\u00bb link_text_color=\u00bb#FFFFFF\u00bb header_5_text_color=\u00bb#FFFFFF\u00bb header_5_line_height=\u00bb1.8em\u00bb text_font_size_tablet=\u00bb15px\u00bb text_font_size_phone=\u00bb14px\u00bb text_font_size_last_edited=\u00bbon|desktop\u00bb header_font_size_tablet=\u00bb55px\u00bb header_font_size_last_edited=\u00bboff|desktop\u00bb locked=\u00bboff\u00bb global_colors_info=\u00bb{}\u00bb]<span style=%22font-weight: 400;%22>Legal Aid NC tambi\u00e9n puede ayudarle con muchos otros<\/span> <a href=%22https:\/\/www.legalaidnc.org\/get-help\/our-services%22><span style=%22font-weight: 400;%22>servicios y asistencia legales gratuitos<\/span><\/a><span style=%22font-weight: 400;%22>.<\/span>[\/et_pb_text][et_pb_button button_url=\u00bbhttps:\/\/www.legalaidnc.org\/get-help\/our-services\u00bb url_new_window=\u00bbon\u00bb button_text=\u00bbServicios de Legal Aid NC\u00bb _builder_version=\u00bb4.11.1&#8243; _module_preset=\u00bbdefault\u00bb custom_button=\u00bbon\u00bb button_text_size=\u00bb16px\u00bb button_text_color=\u00bb#FFFFFF\u00bb button_border_width=\u00bb1px\u00bb button_border_radius=\u00bb0px\u00bb custom_margin=\u00bb10px||5px||false|false\u00bb global_colors_info=\u00bb{}\u00bb][\/et_pb_button][\/et_pb_column][\/et_pb_row][\/et_pb_section]<\/p>\n","protected":false},"excerpt":{"rendered":"<p>Para las v\u00edctimas deTrata de personasLa trata de personas puede adoptar muchas formas diferentes y victimiza a alguna persona de cualquier raza, edad, g\u00e9nero, sexualidad, religi\u00f3n, nivel educativo o situaci\u00f3n econ\u00f3mica. La trata de personas se produce cuando un traficante soborna, obliga o enga\u00f1a a una v\u00edctima para que trabaje o se someta a actos [&hellip;]<\/p>\n","protected":false},"author":1,"featured_media":425,"parent":439,"menu_order":3,"comment_status":"closed","ping_status":"closed","template":"","meta":{"_et_pb_use_builder":"on","_et_pb_old_content":"","_et_gb_content_width":"","_monsterinsights_skip_tracking":false,"_monsterinsights_sitenote_active":false,"_monsterinsights_sitenote_note":"","_monsterinsights_sitenote_category":0,"footnotes":""},"class_list":["post-430","page","type-page","status-publish","has-post-thumbnail","hentry"],"jetpack_sharing_enabled":true,"_links":{"self":[{"href":"https:\/\/stopthecyclenc.org\/es\/wp-json\/wp\/v2\/pages\/430","targetHints":{"allow":["GET"]}}],"collection":[{"href":"https:\/\/stopthecyclenc.org\/es\/wp-json\/wp\/v2\/pages"}],"about":[{"href":"https:\/\/stopthecyclenc.org\/es\/wp-json\/wp\/v2\/types\/page"}],"author":[{"embeddable":true,"href":"https:\/\/stopthecyclenc.org\/es\/wp-json\/wp\/v2\/users\/1"}],"replies":[{"embeddable":true,"href":"https:\/\/stopthecyclenc.org\/es\/wp-json\/wp\/v2\/comments?post=430"}],"version-history":[{"count":20,"href":"https:\/\/stopthecyclenc.org\/es\/wp-json\/wp\/v2\/pages\/430\/revisions"}],"predecessor-version":[{"id":591,"href":"https:\/\/stopthecyclenc.org\/es\/wp-json\/wp\/v2\/pages\/430\/revisions\/591"}],"up":[{"embeddable":true,"href":"https:\/\/stopthecyclenc.org\/es\/wp-json\/wp\/v2\/pages\/439"}],"wp:featuredmedia":[{"embeddable":true,"href":"https:\/\/stopthecyclenc.org\/es\/wp-json\/wp\/v2\/media\/425"}],"wp:attachment":[{"href":"https:\/\/stopthecyclenc.org\/es\/wp-json\/wp\/v2\/media?parent=430"}],"curies":[{"name":"wp","href":"https:\/\/api.w.org\/{rel}","templated":true}]}}